{"id":96,"date":"2022-11-11T15:49:41","date_gmt":"2022-11-11T14:49:41","guid":{"rendered":"https:\/\/saint-maurice-en-chalencon.fr\/?page_id=96"},"modified":"2026-04-17T17:04:33","modified_gmt":"2026-04-17T15:04:33","slug":"location-de-la-salle-communale","status":"publish","type":"page","link":"https:\/\/saint-maurice-en-chalencon.fr\/?page_id=96","title":{"rendered":"Location de la salle communale"},"content":{"rendered":"\t\t<div data-elementor-type=\"wp-page\" data-elementor-id=\"96\" class=\"elementor elementor-96\" wpc-filter-elementor-widget=\"1\" data-elementor-post-type=\"page\">\n\t\t\t\t\t\t<section class=\"elementor-section elementor-top-section elementor-element elementor-element-5d7d6176 elementor-section-boxed elementor-section-height-default elementor-section-height-default\" data-id=\"5d7d6176\" data-element_type=\"section\" data-e-type=\"section\">\n\t\t\t\t\t\t<div class=\"elementor-container elementor-column-gap-default\">\n\t\t\t\t\t<div class=\"elementor-column elementor-col-100 elementor-top-column elementor-element elementor-element-149961ff\" data-id=\"149961ff\" data-element_type=\"column\" data-e-type=\"column\">\n\t\t\t<div class=\"elementor-widget-wrap elementor-element-populated\">\n\t\t\t\t\t\t<div class=\"elementor-element elementor-element-a789056 elementor-widget elementor-widget-text-editor\" data-id=\"a789056\" data-element_type=\"widget\" data-e-type=\"widget\" data-widget_type=\"text-editor.default\">\n\t\t\t\t<div class=\"elementor-widget-container\">\n\t\t\t\t\t\t\t\t\t<p><img decoding=\"async\" class=\"size-full wp-image-97 alignleft\" src=\"https:\/\/saint-maurice-en-chalencon.fr\/wp-content\/uploads\/2022\/11\/mairie.jpg\" alt=\"\" width=\"258\" height=\"150\" \/>Adresse : : 45 Route de Combeyron &#8211; Alliandre &#8211; 07190 SAINT MAURICE-EN-CHALENCON<\/p>\n<p><!-- \/wp:paragraph --><!-- wp:paragraph --><\/p>\n<p>T\u00e9l\u00e9phone : 04 75 58 11 74<\/p>\t\t\t\t\t\t\t\t<\/div>\n\t\t\t\t<\/div>\n\t\t\t\t<div class=\"elementor-element elementor-element-0e88e60 elementor-widget elementor-widget-wp-widget-metaslider_widget\" data-id=\"0e88e60\" data-element_type=\"widget\" data-e-type=\"widget\" data-widget_type=\"wp-widget-metaslider_widget.default\">\n\t\t\t\t<div class=\"elementor-widget-container\">\n\t\t\t\t\t<h5>Int\u00e9rieur<\/h5><div id=\"metaslider-id-2917\" style=\"width: 100%;\" class=\"ml-slider-3-106-0 metaslider metaslider-flex metaslider-2917 ml-slider has-dots-nav ms-theme-default-base\" role=\"region\" aria-label=\"Salle communale - Int\u00e9rieur\" data-height=\"674\" data-width=\"1200\">\n    <div id=\"metaslider_container_2917\">\n        <div id=\"metaslider_2917\">\n            <ul aria-live='off' class='slides'>\n                <li style=\"display: block; width: 100%;\" class=\"slide-2919 ms-image \" aria-roledescription=\"slide\" data-date=\"2026-04-16 18:38:38\" data-filename=\"IMG_1054.jpg\" data-slide-type=\"image\"><img fetchpriority=\"high\" decoding=\"async\" src=\"https:\/\/saint-maurice-en-chalencon.fr\/wp-content\/uploads\/IMG_1054.jpg\" height=\"674\" width=\"1200\" alt=\"\" class=\"slider-2917 slide-2919 msDefaultImage\" title=\"Salle communale 1\" \/><\/li>\n                <li style=\"display: none; width: 100%;\" class=\"slide-2925 ms-image \" aria-roledescription=\"slide\" data-date=\"2026-04-16 18:39:44\" data-filename=\"IMG_1063.jpg\" data-slide-type=\"image\"><img decoding=\"async\" src=\"https:\/\/saint-maurice-en-chalencon.fr\/wp-content\/uploads\/IMG_1063.jpg\" height=\"674\" width=\"1200\" alt=\"\" class=\"slider-2917 slide-2925 msDefaultImage\" title=\"Salle communale 2\" \/><\/li>\n                <li style=\"display: none; width: 100%;\" class=\"slide-2926 ms-image \" aria-roledescription=\"slide\" data-date=\"2026-04-16 18:39:44\" data-filename=\"IMG_1060.jpg\" data-slide-type=\"image\"><img loading=\"lazy\" decoding=\"async\" src=\"https:\/\/saint-maurice-en-chalencon.fr\/wp-content\/uploads\/IMG_1060.jpg\" height=\"674\" width=\"1200\" alt=\"\" class=\"slider-2917 slide-2926 msDefaultImage\" title=\"Salle communale 6\" \/><\/li>\n                <li style=\"display: none; width: 100%;\" class=\"slide-2927 ms-image \" aria-roledescription=\"slide\" data-date=\"2026-04-16 18:39:44\" data-filename=\"IMG_1059.jpg\" data-slide-type=\"image\"><img loading=\"lazy\" decoding=\"async\" src=\"https:\/\/saint-maurice-en-chalencon.fr\/wp-content\/uploads\/IMG_1059.jpg\" height=\"674\" width=\"1200\" alt=\"\" class=\"slider-2917 slide-2927 msDefaultImage\" title=\"Salle communale 5\" \/><\/li>\n                <li style=\"display: none; width: 100%;\" class=\"slide-2928 ms-image \" aria-roledescription=\"slide\" data-date=\"2026-04-16 18:39:44\" data-filename=\"IMG_1057.jpg\" data-slide-type=\"image\"><img loading=\"lazy\" decoding=\"async\" src=\"https:\/\/saint-maurice-en-chalencon.fr\/wp-content\/uploads\/IMG_1057.jpg\" height=\"674\" width=\"1200\" alt=\"\" class=\"slider-2917 slide-2928 msDefaultImage\" title=\"Salle communale 4\" \/><\/li>\n                <li style=\"display: none; width: 100%;\" class=\"slide-2929 ms-image \" aria-roledescription=\"slide\" data-date=\"2026-04-16 18:39:44\" data-filename=\"IMG_1081.jpg\" data-slide-type=\"image\"><img loading=\"lazy\" decoding=\"async\" src=\"https:\/\/saint-maurice-en-chalencon.fr\/wp-content\/uploads\/IMG_1081.jpg\" height=\"674\" width=\"1200\" alt=\"\" class=\"slider-2917 slide-2929 msDefaultImage\" title=\"Salle communale 3\" \/><\/li>\n                <li style=\"display: none; width: 100%;\" class=\"slide-2985 ms-image \" aria-roledescription=\"slide\" data-date=\"2026-04-16 23:13:31\" data-filename=\"Salle-communale-Buvette-1.jpg\" data-slide-type=\"image\"><img loading=\"lazy\" decoding=\"async\" src=\"https:\/\/saint-maurice-en-chalencon.fr\/wp-content\/uploads\/Salle-communale-Buvette-1.jpg\" height=\"674\" width=\"1200\" alt=\"\" class=\"slider-2917 slide-2985 msDefaultImage\" title=\"Salle communale - Buvette 1\" \/><\/li>\n            <\/ul>\n        <\/div>\n        \n    <\/div>\n<\/div>\t\t\t\t<\/div>\n\t\t\t\t<\/div>\n\t\t\t\t<div class=\"elementor-element elementor-element-9d59243 elementor-widget elementor-widget-text-editor\" data-id=\"9d59243\" data-element_type=\"widget\" data-e-type=\"widget\" data-widget_type=\"text-editor.default\">\n\t\t\t\t<div class=\"elementor-widget-container\">\n\t\t\t\t\t\t\t\t\t<p>La location de la salle communale, situ\u00e9e dans les locaux de la mairie \u00e0 Alliandre, d\u2019une capacit\u00e9 maximale de 100 personnes, inclut aussi :<\/p>\n<ol>\n<li>une pi\u00e8ce communiquant avec la salle faisant office de buvette<\/li>\n<li>une cuisine permettant de conserver les denr\u00e9es alimentaires au frais et disposant de vaisselle pour 100 personnes<\/li>\n<li>une cour avec une vue sur la vall\u00e9e de l\u2019Eyrieux<\/li>\n<\/ol>\n<p>Hormis la terrasse, l\u2019ensemble est accessible des personnes \u00e0 mobilit\u00e9 r\u00e9duite.<\/p>\t\t\t\t\t\t\t\t<\/div>\n\t\t\t\t<\/div>\n\t\t\t\t<div class=\"elementor-element elementor-element-e7e84e0 elementor-widget elementor-widget-wp-widget-metaslider_widget\" data-id=\"e7e84e0\" data-element_type=\"widget\" data-e-type=\"widget\" data-widget_type=\"wp-widget-metaslider_widget.default\">\n\t\t\t\t<div class=\"elementor-widget-container\">\n\t\t\t\t\t<h5>Buvette, cuisine et ext\u00e9rieur<\/h5><div id=\"metaslider-id-2937\" style=\"width: 100%;\" class=\"ml-slider-3-106-0 metaslider metaslider-flex metaslider-2937 ml-slider has-dots-nav ms-theme-default-base\" role=\"region\" aria-label=\"Salle communale - Annexes\" data-height=\"674\" data-width=\"1200\">\n    <div id=\"metaslider_container_2937\">\n        <div id=\"metaslider_2937\">\n            <ul aria-live='off' class='slides'>\n                <li style=\"display: block; width: 100%;\" class=\"slide-2979 ms-image \" aria-roledescription=\"slide\" data-date=\"2026-04-16 23:10:19\" data-filename=\"Salle-communale-Buvette-2.jpg\" data-slide-type=\"image\"><img loading=\"lazy\" decoding=\"async\" src=\"https:\/\/saint-maurice-en-chalencon.fr\/wp-content\/uploads\/Salle-communale-Buvette-2.jpg\" height=\"674\" width=\"1200\" alt=\"\" class=\"slider-2937 slide-2979 msDefaultImage\" title=\"Salle communale - Buvette 2\" \/><\/li>\n                <li style=\"display: none; width: 100%;\" class=\"slide-2984 ms-image \" aria-roledescription=\"slide\" data-date=\"2026-04-16 23:11:55\" data-filename=\"Salle-communale-Cuisine-1.jpg\" data-slide-type=\"image\"><img loading=\"lazy\" decoding=\"async\" src=\"https:\/\/saint-maurice-en-chalencon.fr\/wp-content\/uploads\/Salle-communale-Cuisine-1.jpg\" height=\"674\" width=\"1200\" alt=\"\" class=\"slider-2937 slide-2984 msDefaultImage\" title=\"Salle communale - Cuisine 1\" \/><\/li>\n                <li style=\"display: none; width: 100%;\" class=\"slide-2983 ms-image \" aria-roledescription=\"slide\" data-date=\"2026-04-16 23:11:55\" data-filename=\"Salle-communale-Cuisine-2.jpg\" data-slide-type=\"image\"><img loading=\"lazy\" decoding=\"async\" src=\"https:\/\/saint-maurice-en-chalencon.fr\/wp-content\/uploads\/Salle-communale-Cuisine-2.jpg\" height=\"674\" width=\"1200\" alt=\"\" class=\"slider-2937 slide-2983 msDefaultImage\" title=\"Salle communale - Cuisine 2\" \/><\/li>\n                <li style=\"display: none; width: 100%;\" class=\"slide-2945 ms-image \" aria-roledescription=\"slide\" data-date=\"2026-04-16 18:58:01\" data-filename=\"Salle-communale-Exterieur-5.jpg\" data-slide-type=\"image\"><img loading=\"lazy\" decoding=\"async\" src=\"https:\/\/saint-maurice-en-chalencon.fr\/wp-content\/uploads\/Salle-communale-Exterieur-5.jpg\" height=\"674\" width=\"1200\" alt=\"\" class=\"slider-2937 slide-2945 msDefaultImage\" title=\"Salle communale - Ext\u00e9rieur 5\" \/><\/li>\n                <li style=\"display: none; width: 100%;\" class=\"slide-2948 ms-image \" aria-roledescription=\"slide\" data-date=\"2026-04-16 18:58:01\" data-filename=\"Salle-communale-Exterieur-1.jpg\" data-slide-type=\"image\"><img loading=\"lazy\" decoding=\"async\" src=\"https:\/\/saint-maurice-en-chalencon.fr\/wp-content\/uploads\/Salle-communale-Exterieur-1.jpg\" height=\"674\" width=\"1200\" alt=\"\" class=\"slider-2937 slide-2948 msDefaultImage\" title=\"Salle communale - Ext\u00e9rieur 1\" \/><\/li>\n                <li style=\"display: none; width: 100%;\" class=\"slide-2949 ms-image \" aria-roledescription=\"slide\" data-date=\"2026-04-16 18:58:01\" data-filename=\"Salle-communale-Exterieur-2.jpg\" data-slide-type=\"image\"><img loading=\"lazy\" decoding=\"async\" src=\"https:\/\/saint-maurice-en-chalencon.fr\/wp-content\/uploads\/Salle-communale-Exterieur-2.jpg\" height=\"674\" width=\"1200\" alt=\"\" class=\"slider-2937 slide-2949 msDefaultImage\" title=\"Salle communale - Ext\u00e9rieur 2\" \/><\/li>\n                <li style=\"display: none; width: 100%;\" class=\"slide-2950 ms-image \" aria-roledescription=\"slide\" data-date=\"2026-04-16 18:58:01\" data-filename=\"Salle-communale-Exterieur-3.jpg\" data-slide-type=\"image\"><img loading=\"lazy\" decoding=\"async\" src=\"https:\/\/saint-maurice-en-chalencon.fr\/wp-content\/uploads\/Salle-communale-Exterieur-3.jpg\" height=\"674\" width=\"1200\" alt=\"\" class=\"slider-2937 slide-2950 msDefaultImage\" title=\"Salle communale - Ext\u00e9rieur 3\" \/><\/li>\n                <li style=\"display: none; width: 100%;\" class=\"slide-2951 ms-image \" aria-roledescription=\"slide\" data-date=\"2026-04-16 18:58:01\" data-filename=\"Salle-communale-Exterieur-4.jpg\" data-slide-type=\"image\"><img loading=\"lazy\" decoding=\"async\" src=\"https:\/\/saint-maurice-en-chalencon.fr\/wp-content\/uploads\/Salle-communale-Exterieur-4.jpg\" height=\"674\" width=\"1200\" alt=\"\" class=\"slider-2937 slide-2951 msDefaultImage\" title=\"Salle communale - Ext\u00e9rieur 4\" \/><\/li>\n                <li style=\"display: none; width: 100%;\" class=\"slide-2946 ms-image \" aria-roledescription=\"slide\" data-date=\"2026-04-16 18:58:01\" data-filename=\"Salle-communale-Exterieur-6.jpg\" data-slide-type=\"image\"><img loading=\"lazy\" decoding=\"async\" src=\"https:\/\/saint-maurice-en-chalencon.fr\/wp-content\/uploads\/Salle-communale-Exterieur-6.jpg\" height=\"674\" width=\"1200\" alt=\"\" class=\"slider-2937 slide-2946 msDefaultImage\" title=\"Salle communale - Ext\u00e9rieur 6\" \/><\/li>\n                <li style=\"display: none; width: 100%;\" class=\"slide-2947 ms-image \" aria-roledescription=\"slide\" data-date=\"2026-04-16 18:58:01\" data-filename=\"Salle-communale-Exterieur-7.jpg\" data-slide-type=\"image\"><img loading=\"lazy\" decoding=\"async\" src=\"https:\/\/saint-maurice-en-chalencon.fr\/wp-content\/uploads\/Salle-communale-Exterieur-7.jpg\" height=\"674\" width=\"1200\" alt=\"\" class=\"slider-2937 slide-2947 msDefaultImage\" title=\"Salle communale - Ext\u00e9rieur 7\" \/><\/li>\n            <\/ul>\n        <\/div>\n        \n    <\/div>\n<\/div>\t\t\t\t<\/div>\n\t\t\t\t<\/div>\n\t\t\t\t<div class=\"elementor-element elementor-element-b87c7e6 elementor-widget elementor-widget-text-editor\" data-id=\"b87c7e6\" data-element_type=\"widget\" data-e-type=\"widget\" data-widget_type=\"text-editor.default\">\n\t\t\t\t<div class=\"elementor-widget-container\">\n\t\t\t\t\t\t\t\t\t<p class=\"has-large-font-size\">Tarifs de location<\/p>\n<p><!-- \/wp:paragraph --><!-- wp:paragraph --><\/p>\n<p>LOCATION aux PARTICULIERS<\/p>\n<p><!-- \/wp:paragraph --><!-- wp:table {\"hasFixedLayout\":false} --><\/p>\n<figure class=\"wp-block-table\">\n<table>\n<tbody>\n<tr>\n<td>1 week-end<\/td>\n<td>400 \u20ac (remise des cl\u00e9s : vendredi &#8211; rendu des cl\u00e9s : lundi 8h30)<\/td>\n<\/tr>\n<tr>\n<td>1 journ\u00e9e<\/td>\n<td>200 \u20ac (remise des cl\u00e9s : 8h &#8211; rendu des cl\u00e9s : 20h )<\/td>\n<\/tr>\n<tr>\n<td>1\/2 journ\u00e9e<\/td>\n<td>100 \u20ac<\/td>\n<\/tr>\n<tr>\n<td>Forfait vaisselle<\/td>\n<td>80 \u20ac<\/td>\n<\/tr>\n<\/tbody>\n<\/table>\n<\/figure>\n<p><!-- \/wp:table --><!-- wp:paragraph --><\/p>\n<p><strong>Un rabais de 15 % est accord\u00e9 aux habitants de la Commune de Saint Maurice-en-Chalencon.<\/strong><\/p>\n<p><!-- \/wp:paragraph --><!-- wp:paragraph --><\/p>\n<p><strong>Pour les conseillers municipaux de Saint Maurice-en-Chalencon, une participation de 100 \u20ac est demand\u00e9e \u00e0 chaque utilisation de la salle.<\/strong><\/p>\n<p><!-- \/wp:paragraph --><!-- wp:paragraph --><\/p>\n<p>Le <strong>contrat de location<\/strong> sign\u00e9 par l\u2019utilisateur au plus tard lors de la remise des cl\u00e9s est accompagn\u00e9 :<\/p>\n<p><!-- \/wp:paragraph --><!-- wp:list {\"ordered\":true} --><\/p>\n<ol class=\"wp-block-list\">\n<li style=\"list-style-type: none;\">\n<ol class=\"wp-block-list\"><!-- wp:list-item --><\/ol>\n<\/li>\n<\/ol>\n<ol>\n<li>d\u2019un <strong>ch\u00e8que d\u2019acompte de 25 %<\/strong> du montant total de la somme d\u00fbe ;<!-- \/wp:list-item --><!-- wp:list-item --><\/li>\n<li>d\u2019un <strong>ch\u00e8que de caution de 300 euros<\/strong>, en garantie de dommages \u00e9ventuels ;<!-- \/wp:list-item --><!-- wp:list-item --><\/li>\n<li>d\u2019un <strong>ch\u00e8que de caution de 200 euros<\/strong>, en garantie de la remise en \u00e9tat des locaux ;<\/li>\n<li>d\u2019une <strong>attestation d\u2019assurance<\/strong> couvrant en responsabilit\u00e9 civile \u00ab vie priv\u00e9e \u00bb les personnes physiques, du fait de la location de la salle.<\/li>\n<\/ol>\n<p><!-- \/wp:list-item --><\/p>\n<p><!-- \/wp:list --><!-- wp:paragraph --><\/p>\n<p><strong>La remise des cl\u00e9s<\/strong> s\u2019effectuent en mains propres, en pr\u00e9sence d\u2019un repr\u00e9sentant de la commune (employ\u00e9 municipal ou \u00e9lu) en g\u00e9n\u00e9ral la veille de l\u2019utilisation de la salle, selon un horaire fix\u00e9 en accord avec les parties. Un \u00e9tat des lieux est \u00e9tabli \u00e0 cette occasion.<\/p>\n<p><!-- \/wp:paragraph --><!-- wp:paragraph --><\/p>\n<p><strong>Les cl\u00e9s sont rendues<\/strong>, en g\u00e9n\u00e9ral le lendemain, selon un horaire convenu entre les parties ; un \u00e9tat des lieux est alors \u00e9tabli, et le ch\u00e8que de caution restitu\u00e9.<\/p>\n<p><!-- \/wp:paragraph --><!-- wp:paragraph --><\/p>\n<p>LOCATION aux ASSOCIATIONS<\/p>\n<p><!-- \/wp:paragraph --><!-- wp:paragraph --><\/p>\n<p><strong>Les associations communales et intercommunales b\u00e9n\u00e9ficiant de subvention communale ont un acc\u00e8s gratuit \u00e0 la salle pour leurs diff\u00e9rentes activit\u00e9s statutaires.<\/strong><\/p>\n<p>Pour les autres associations, l\u2019utilisation de la salle est soumise aux conditions suivantes : 1 journ\u00e9e ou soir\u00e9e\u00a0 100 \u20ac<\/p>\n<ul class=\"wp-block-list\"><!-- \/wp:list-item --><!-- wp:list-item --><!-- \/wp:list-item --><\/ul>\n<p><!-- \/wp:list --><!-- wp:paragraph --><\/p>\n<p>AUTRES USAGES<\/p>\n<p><!-- \/wp:paragraph --><!-- wp:paragraph --><\/p>\n<p>Les demandes exceptionnelles n\u2019entrant pas dans le champ des tarifs d\u00e9finis ci-dessus seront soumises au Conseil Municipal, au cas par cas.<\/p>\t\t\t\t\t\t\t\t<\/div>\n\t\t\t\t<\/div>\n\t\t\t\t\t<\/div>\n\t\t<\/div>\n\t\t\t\t\t<\/div>\n\t\t<\/section>\n\t\t\t\t<\/div>\n\t\t","protected":false},"excerpt":{"rendered":"<p>Adresse : : 45 Route de Combeyron &#8211; Alliandre &#8211; 07190 SAINT MAURICE-EN-CHALENCON T\u00e9l\u00e9phone : 04 75 58 11 74 La location de la salle communale, situ\u00e9e dans les locaux de la mairie \u00e0 Alliandre, d\u2019une capacit\u00e9 maximale de 100 personnes, inclut aussi : une pi\u00e8ce communiquant avec la salle faisant office de buvette une [&hellip;]<\/p>\n","protected":false},"author":1,"featured_media":0,"parent":34,"menu_order":0,"comment_status":"closed","ping_status":"closed","template":"","meta":{"_acf_changed":false,"footnotes":""},"class_list":["post-96","page","type-page","status-publish","hentry"],"acf":[],"_links":{"self":[{"href":"https:\/\/saint-maurice-en-chalencon.fr\/index.php?rest_route=\/wp\/v2\/pages\/96","targetHints":{"allow":["GET"]}}],"collection":[{"href":"https:\/\/saint-maurice-en-chalencon.fr\/index.php?rest_route=\/wp\/v2\/pages"}],"about":[{"href":"https:\/\/saint-maurice-en-chalencon.fr\/index.php?rest_route=\/wp\/v2\/types\/page"}],"author":[{"embeddable":true,"href":"https:\/\/saint-maurice-en-chalencon.fr\/index.php?rest_route=\/wp\/v2\/users\/1"}],"replies":[{"embeddable":true,"href":"https:\/\/saint-maurice-en-chalencon.fr\/index.php?rest_route=%2Fwp%2Fv2%2Fcomments&post=96"}],"version-history":[{"count":32,"href":"https:\/\/saint-maurice-en-chalencon.fr\/index.php?rest_route=\/wp\/v2\/pages\/96\/revisions"}],"predecessor-version":[{"id":3109,"href":"https:\/\/saint-maurice-en-chalencon.fr\/index.php?rest_route=\/wp\/v2\/pages\/96\/revisions\/3109"}],"up":[{"embeddable":true,"href":"https:\/\/saint-maurice-en-chalencon.fr\/index.php?rest_route=\/wp\/v2\/pages\/34"}],"wp:attachment":[{"href":"https:\/\/saint-maurice-en-chalencon.fr\/index.php?rest_route=%2Fwp%2Fv2%2Fmedia&parent=96"}],"curies":[{"name":"wp","href":"https:\/\/api.w.org\/{rel}","templated":true}]}}